{"id":8871,"date":"2026-02-10T22:33:34","date_gmt":"2026-02-10T21:33:34","guid":{"rendered":"https:\/\/livingfance.com\/?post_type=product&#038;p=8871"},"modified":"2026-02-19T10:39:30","modified_gmt":"2026-02-19T09:39:30","slug":"dab-czerwony-quercus-rubra-sadzonka-30-70-cm-szkolkowany","status":"publish","type":"product","link":"https:\/\/livingfance.com\/hu\/product\/dab-czerwony-quercus-rubra-sadzonka-30-70-cm-szkolkowany\/","title":{"rendered":"D\u0104B CZERWONY (Quercus rubra) \u2013 SADZONKA 30\u201370 cm Szk\u00f3\u0142kowany"},"content":{"rendered":"<div class=\"mpof_ki myre_zn myre_8v_l m389_6m_l\">\n<div class=\"mp4t_16_s mryx_16_s mr3m_1 mli2_1 mh85_56 mh85_0_l\">\n<div class=\"mgn2_16 _0d3bd_am0a-\">\n<div class=\"mpof_ki myre_zn myre_8v_l m389_6m_l\">\n<div class=\"mp4t_16_s mryx_16_s mr3m_1 mli2_1 mh85_56 mh85_0_l\">\n<div class=\"mgn2_16 _0d3bd_am0a-\">\n<p><b>EL\u0150V\u00c1S\u00c1R 2026 TAVASZ - A n\u00f6v\u00e9nyek kisz\u00e1ll\u00edt\u00e1sa el\u0151tt felvessz\u00fck \u00d6nnel a kapcsolatot ( a sz\u00e1ll\u00edt\u00e1si hat\u00e1rid\u0151 az id\u0151j\u00e1r\u00e1si viszonyokt\u00f3l f\u00fcgg\u0151en v\u00e1ltozhat).<\/b><\/p>\n<p><b>Oferujemy tylko\u00a0<\/b><b>wyselekcjonowane<\/b><b>\u00a0ro\u015bliny jako\u015bci premium.<\/b><\/p>\n<h3>\ud83c\udf33 D\u0104B CZERWONY (Quercus rubra) \u2013 SADZONKA 30\u201370 cm<\/h3>\n<p>&nbsp;<\/p>\n<p>Oferujemy zdrowe, silne sadzonki d\u0119bu czerwonego o wysoko\u015bci 70\u2013100 cm, idealne do ogrod\u00f3w, park\u00f3w, alei oraz nasadze\u0144 krajobrazowych.<\/p>\n<p><b>\ud83d\udd34 Szk\u00f3\u0142kowanie sadzonek \u2013\u00a0<\/b>jest to proces kt\u00f3ry stosujemy, ma on na celu wytworzenie u sadzonek skupionego i p\u0142ytkiego systemu korzeniowego, kt\u00f3ry b\u0119dzie bogaty w liczne drobne korzenie, co skutkuje niemal 100%-owym przyj\u0119ciem.<\/p>\n<p><b>A faiskolai dugv\u00e1nyok legf\u0151bb el\u0151nye gyakorlatilag az 100% elfogadhat\u00f3s\u00e1ga a magasan fejlett gy\u00f6k\u00e9rzetnek k\u00f6sz\u00f6nhet\u0151en.<\/b><\/p>\n<p><b>Ha t\u0151l\u00fcnk v\u00e1s\u00e1rol<\/b>\u00a0a n\u00f6v\u00e9nyek biztosak lehetnek abban, hogy v\u00e9dve lesznek, \u00e9s nagy gondoss\u00e1ggal csomagolj\u00e1k \u0151ket a nedvess\u00e9gvesztes\u00e9g ellen, hogy eljussanak \u00d6nh\u00f6z.<b>\u00e9ps\u00e9gben.<\/b><\/p>\n<\/div>\n<\/div>\n<\/div>\n<div class=\"mpof_ki myre_zn myre_8v_l m389_6m_l\">\n<div class=\"mp4t_16_s mryx_16_s mr3m_1 mli2_1 mh85_56 mh85_0_l\">\n<div class=\"mgn2_16 _0d3bd_am0a-\">\n<p><b>\ud83c\udf33 D\u0105b Czerwony,<\/b>\u00a035 m magasra n\u00f6v\u0151 fa, er\u0151sen megvastagodott koron\u00e1val. Lengyelorsz\u00e1gba behozott faj.<\/p>\n<p>K\u00f6nnyen termeszthet\u0151, \u00e9s sokkal alacsonyabbak az ig\u00e9nyei, mint m\u00e1s t\u00f6lgyeknek. Szereti a napos fekv\u00e9st, de j\u00f3l t\u0171ri az \u00e1rny\u00e9kot is. A n\u00f6v\u00e9ny j\u00f3l t\u0171ri a k\u00fcl\u00f6nb\u00f6z\u0151 min\u0151s\u00e9g\u0171 talajokat - m\u00e9g homokos talajon is megterem. Fagy\u00e1ll\u00f3 (-40 \u00baC-ig).<\/p>\n<p>A v\u00f6r\u00f6s t\u00f6lgy emellett ellen\u00e1ll m\u00e1s k\u00e1ros t\u00e9nyez\u0151knek, p\u00e9ld\u00e1ul a l\u00e9gszennyez\u00e9snek \u00e9s a sz\u00e1razs\u00e1gnak is.<\/p>\n<p>A v\u00f6r\u00f6s t\u00f6lgyet el\u0151szeretettel \u00fcltetik parkokba \u00e9s v\u00e1rosi z\u00f6ld\u00f6vezetekbe. Kertekben, nagyobb ter\u00fclet\u0171 kertekben is termeszthet\u0151. K\u00fcl\u00f6n\u00f6sen j\u00f3l mutat naturalista \u00fcltetv\u00e9nyekben. Fontos azonban megjegyezni, hogy a fa gyorsan n\u0151 \u00e9s terjeszkedik is - mag\u00e1t\u00f3l terjed.<\/p>\n<p>&nbsp;<\/p>\n<h4>\ud83d\udcac Dlaczego warto wybra\u0107 d\u0105b czerwony?<\/h4>\n<p><b>To jedno z najpi\u0119kniejszych drzew ozdobnych\u00a0<\/b>\u2013 zachwyca szybkim wzrostem, odporno\u015bci\u0105 i spektakularnymi, czerwonymi barwami jesieni\u0105. Idealny wyb\u00f3r dla os\u00f3b, kt\u00f3re chc\u0105 stworzy\u0107 efektown\u0105 i trwa\u0142\u0105 ziele\u0144 na lata.<\/p>\n<p>&nbsp;<\/p>\n<\/div>\n<\/div>\n<div class=\"mp4t_16_s mryx_16_s mr3m_1 mli2_1 mh85_56 mh85_0_l\">\n<div class=\"mg9e_8 mj7a_8 mg9e_0_s mvrt_0_s mj7a_0_s mh36_0_s mzmg_6m munh_16_l m3h2_16_l\">\n<div class=\"mp4t_0 mryx_0 munh_56 m3h2_56\">\n<div class=\"mp7g_oh\"><button class=\"mg9e_0 mvrt_0 mj7a_0 mh36_0 mp4t_0 m3h2_0 mryx_0 munh_0 mqen_m6 mpof_z0 mx7m_0 m7er_k4 mse2_k4 msts_pt\" data-analytics-interaction=\"true\" data-analytics-interaction-label=\"zoomable-image-open\" aria-disabled=\"true\"><img loading=\"lazy\" decoding=\"async\" class=\"msub_k4 mupj_5k mjru_k4 mse2_k4 mp7g_f6 mq1m_0 mj7u_0 m7er_k4 mqen_m6 m31c_d8 m0ux_fp lazyloaded\" src=\"https:\/\/a.allegroimg.com\/original\/11ddea\/f212dfea4e84afed60a1a613eb32\/DAB-CZERWONY-Quercus-rubra-SADZONKA-3070-cm-Szkolkowany\" sizes=\"auto, (min-width: 1200px) 560px, (min-width: 992px) 50vw, 100vw\" srcset=\"https:\/\/a.allegroimg.com\/s360\/11ddea\/f212dfea4e84afed60a1a613eb32\/DAB-CZERWONY-Quercus-rubra-SADZONKA-3070-cm-Szkolkowany 134w,https:\/\/a.allegroimg.com\/s720\/11ddea\/f212dfea4e84afed60a1a613eb32\/DAB-CZERWONY-Quercus-rubra-SADZONKA-3070-cm-Szkolkowany 268w,https:\/\/a.allegroimg.com\/s1024\/11ddea\/f212dfea4e84afed60a1a613eb32\/DAB-CZERWONY-Quercus-rubra-SADZONKA-3070-cm-Szkolkowany 381w,https:\/\/a.allegroimg.com\/s1440\/11ddea\/f212dfea4e84afed60a1a613eb32\/DAB-CZERWONY-Quercus-rubra-SADZONKA-3070-cm-Szkolkowany 536w,https:\/\/a.allegroimg.com\/original\/11ddea\/f212dfea4e84afed60a1a613eb32\/DAB-CZERWONY-Quercus-rubra-SADZONKA-3070-cm-Szkolkowany 569w\" alt=\"D\u0104B CZERWONY (Quercus rubra) \u2013 SADZONKA 30\u201370 cm Szk\u00f3\u0142kowany\" width=\"254\" height=\"682\" data-src=\"https:\/\/a.allegroimg.com\/original\/11ddea\/f212dfea4e84afed60a1a613eb32\/DAB-CZERWONY-Quercus-rubra-SADZONKA-3070-cm-Szkolkowany\" data-srcset=\"https:\/\/a.allegroimg.com\/s360\/11ddea\/f212dfea4e84afed60a1a613eb32\/DAB-CZERWONY-Quercus-rubra-SADZONKA-3070-cm-Szkolkowany 134w,https:\/\/a.allegroimg.com\/s720\/11ddea\/f212dfea4e84afed60a1a613eb32\/DAB-CZERWONY-Quercus-rubra-SADZONKA-3070-cm-Szkolkowany 268w,https:\/\/a.allegroimg.com\/s1024\/11ddea\/f212dfea4e84afed60a1a613eb32\/DAB-CZERWONY-Quercus-rubra-SADZONKA-3070-cm-Szkolkowany 381w,https:\/\/a.allegroimg.com\/s1440\/11ddea\/f212dfea4e84afed60a1a613eb32\/DAB-CZERWONY-Quercus-rubra-SADZONKA-3070-cm-Szkolkowany 536w,https:\/\/a.allegroimg.com\/original\/11ddea\/f212dfea4e84afed60a1a613eb32\/DAB-CZERWONY-Quercus-rubra-SADZONKA-3070-cm-Szkolkowany 569w\" \/><\/button><\/div>\n<\/div>\n<\/div>\n<\/div>\n<\/div>\n<div class=\"mpof_ki myre_zn myre_8v_l m389_6m_l\">\n<div class=\"mp4t_16_s mryx_16_s mr3m_1 mli2_1 mh85_56 mh85_0_l\">\n<div class=\"mg9e_8 mj7a_8 mg9e_0_s mvrt_0_s mj7a_0_s mh36_0_s mzmg_6m munh_16_l m3h2_16_l\">\n<div class=\"mp4t_0 mryx_0 munh_56 m3h2_56\">\n<div class=\"mp7g_oh\"><button class=\"mg9e_0 mvrt_0 mj7a_0 mh36_0 mp4t_0 m3h2_0 mryx_0 munh_0 mqen_m6 mpof_z0 mx7m_0 m7er_k4 mse2_k4 msts_pt\" data-analytics-interaction=\"true\" data-analytics-interaction-label=\"zoomable-image-open\" aria-disabled=\"true\"><img loading=\"lazy\" decoding=\"async\" class=\"msub_k4 mupj_5k mjru_k4 mse2_k4 mp7g_f6 mq1m_0 mj7u_0 m7er_k4 mqen_m6 m31c_d8 m0ux_fp lazyloaded\" src=\"https:\/\/a.allegroimg.com\/original\/119e71\/13d34c1d453bb583994bddc2f508\/DAB-CZERWONY-Quercus-rubra-SADZONKA-3070-cm-Szkolkowany-Producent-nieznany-producent\" sizes=\"auto, (min-width: 1200px) 560px, (min-width: 992px) 50vw, 100vw\" srcset=\"https:\/\/a.allegroimg.com\/s360\/119e71\/13d34c1d453bb583994bddc2f508\/DAB-CZERWONY-Quercus-rubra-SADZONKA-3070-cm-Szkolkowany-Producent-nieznany-producent 360w,https:\/\/a.allegroimg.com\/s720\/119e71\/13d34c1d453bb583994bddc2f508\/DAB-CZERWONY-Quercus-rubra-SADZONKA-3070-cm-Szkolkowany-Producent-nieznany-producent 600w,https:\/\/a.allegroimg.com\/original\/119e71\/13d34c1d453bb583994bddc2f508\/DAB-CZERWONY-Quercus-rubra-SADZONKA-3070-cm-Szkolkowany-Producent-nieznany-producent 600w\" alt=\"D\u0104B CZERWONY (Quercus rubra) \u2013 SADZONKA 30\u201370 cm Szk\u00f3\u0142kowany Producent nieznany producent\" width=\"349\" height=\"349\" data-src=\"https:\/\/a.allegroimg.com\/original\/119e71\/13d34c1d453bb583994bddc2f508\/DAB-CZERWONY-Quercus-rubra-SADZONKA-3070-cm-Szkolkowany-Producent-nieznany-producent\" data-srcset=\"https:\/\/a.allegroimg.com\/s360\/119e71\/13d34c1d453bb583994bddc2f508\/DAB-CZERWONY-Quercus-rubra-SADZONKA-3070-cm-Szkolkowany-Producent-nieznany-producent 360w,https:\/\/a.allegroimg.com\/s720\/119e71\/13d34c1d453bb583994bddc2f508\/DAB-CZERWONY-Quercus-rubra-SADZONKA-3070-cm-Szkolkowany-Producent-nieznany-producent 600w,https:\/\/a.allegroimg.com\/original\/119e71\/13d34c1d453bb583994bddc2f508\/DAB-CZERWONY-Quercus-rubra-SADZONKA-3070-cm-Szkolkowany-Producent-nieznany-producent 600w\" \/><\/button><\/div>\n<\/div>\n<\/div>\n<\/div>\n<div class=\"mp4t_16_s mryx_16_s mr3m_1 mli2_1 mh85_56 mh85_0_l\">\n<div class=\"mgn2_16 _0d3bd_am0a-\">\n<p>&nbsp;<\/p>\n<h4><b>\ud83c\udf3f Wymagania:<\/b><\/h4>\n<p>Poz\u00edci\u00f3: Nap, sz\u00fcrk\u00fclet, \u00e1rny\u00e9k<\/p>\n<p>Talajreakci\u00f3: enyh\u00e9n savas, semleges<\/p>\n<p>Talajpreferenci\u00e1k: b\u00e1rmilyen kert, alacsony talajig\u00e9ny\u0171, term\u00e9keny, agyagos, homokos v\u00e1lyog, homokos.<\/p>\n<p>Lev\u00e9l sz\u00edne: piros<\/p>\n<p>Evergreen: Nem<\/p>\n<p>N\u00f6veked\u00e9si \u00fctem: gyorsan n\u00f6v\u0151 n\u00f6v\u00e9ny<\/p>\n<p>N\u00f6v\u00e9nyt\u00edpus: fa<\/p>\n<p>C\u00e9lmagass\u00e1g: 35 m-ig<\/p>\n<p>Felhaszn\u00e1l\u00e1s: naturalista \u00fcltetv\u00e9nyek, egyedi, nagy kertek, parkok, v\u00e1rosi z\u00f6ld\u00edt\u00e9s<\/p>\n<\/div>\n<\/div>\n<\/div>\n<div class=\"mpof_ki myre_zn myre_8v_l m389_6m_l\">\n<div class=\"mp4t_16_s mryx_16_s mr3m_1 mli2_1 mh85_56 mh85_0_l\">\n<div class=\"mgn2_16 _0d3bd_am0a-\">\n<p>&nbsp;<\/p>\n<h4><b>\u2b50 Dlaczego warto kupi\u0107 u nas? \u2b50<\/b><\/h4>\n<p>\ud83c\udf31 Sprawdzone sadzonki PREMIUM<\/p>\n<p>Oferujemy wy\u0142\u0105cznie zdrowe, starannie wyselekcjonowane ro\u015bliny o silnym systemie korzeniowym.<\/p>\n<p>\ud83d\udce6 Bezpieczne pakowanie<\/p>\n<p>Ka\u017cda sadzonka jest solidnie zabezpieczona na czas transportu, aby dotar\u0142a do Ciebie w idealnym stanie.<\/p>\n<p>\ud83d\ude9a Szybka wysy\u0142ka<\/p>\n<p>Zam\u00f3wienia realizujemy sprawnie i terminowo \u2013 ro\u015bliny nie czekaj\u0105 w magazynie.<\/p>\n<p>\ud83c\udf3f Do\u015bwiadczenie i pasja<\/p>\n<p>Od lat zajmujemy si\u0119 upraw\u0105 ro\u015blin \u2013 wiemy, jak zadba\u0107 o ich jako\u015b\u0107 od pocz\u0105tku do ko\u0144ca.<\/p>\n<p>\ud83d\udcac Pomoc i doradztwo<\/p>\n<p>Ch\u0119tnie podpowiemy w kwestii sadzenia i piel\u0119gnacji \u2013 kupujesz u specjalist\u00f3w.<\/p>\n<p>\u2b50 Wysokie oceny i zadowoleni klienci<\/p>\n<p>Nasz\u0105 jako\u015b\u0107 potwierdzaj\u0105 liczne pozytywne opinie kupuj\u0105cych.<\/p>\n<p>&nbsp;<\/p>\n<h4><b>\ud83c\udf31 Instrukcja sadzenia \u2013 go\u0142y korze\u0144<\/b><\/h4>\n<p>1\ufe0f\u20e3 Termin sadzenia<\/p>\n<p>Najlepszy czas to wczesna wiosna lub jesie\u0144. Ro\u015bliny z go\u0142ym korzeniem nale\u017cy posadzi\u0107 mo\u017cliwie szybko po otrzymaniu.<\/p>\n<p>2\ufe0f\u20e3 Przygotowanie korzeni<\/p>\n<p>Przed sadzeniem zanurz korzenie w wodzie, aby dobrze si\u0119 nawodni\u0142y.<\/p>\n<p>3\ufe0f\u20e3 Wykopanie do\u0142ka<\/p>\n<p>Wykop do\u0142ek 2\u00d7 wi\u0119kszy ni\u017c system korzeniowy. Spulchnij dno i w razie potrzeby dodaj \u017cyznej ziemi.<\/p>\n<p>4\ufe0f\u20e3 Sadzenie<\/p>\n<p>Umie\u015b\u0107 ro\u015blin\u0119 na takiej g\u0142\u0119boko\u015bci, na jakiej ros\u0142a wcze\u015bniej w gruncie. Zasyp ziemi\u0105 i delikatnie ugnie\u0107.<\/p>\n<p>5\ufe0f\u20e3 Podlewanie<\/p>\n<p>Obficie podlewaj po posadzeniu.<\/p>\n<p><b>Az \u00fcltet\u00e9s ut\u00e1n a s\u00f6v\u00e9nyt b\u0151s\u00e9gesen kell \u00f6nt\u00f6zni. A tov\u00e1bbi \u00f6nt\u00f6z\u00e9s azonban ugyanolyan fontos, \u00e9s nem szabad al\u00e1becs\u00fclni.<\/b><\/p>\n<p>A k\u00e9pek illusztr\u00e1ci\u00f3k, a n\u00f6v\u00e9nyek nem azonosak \u00e9s elt\u00e9rhetnek.<\/p>\n<\/div>\n<\/div>\n<\/div>\n<div class=\"mpof_ki myre_zn myre_8v_l m389_6m_l\">\n<div class=\"mp4t_16_s mryx_16_s mr3m_1 mli2_1 mh85_56 mh85_0_l\">\n<div class=\"mgn2_16 _0d3bd_am0a-\">\n<p>&nbsp;<\/p>\n<\/div>\n<\/div>\n<\/div>\n<div class=\"mpof_ki myre_zn myre_8v_l m389_6m_l\">\n<div class=\"mp4t_16_s mryx_16_s mr3m_1 mli2_1 mh85_56 mh85_0_l\">\n<div class=\"mgn2_16 _0d3bd_am0a-\">\n<p>&nbsp;<\/p>\n<\/div>\n<\/div>\n<\/div>\n<div class=\"mpof_ki myre_zn myre_8v_l m389_6m_l\">\n<div class=\"mp4t_16_s mryx_16_s mr3m_1 mli2_1 mh85_56 mh85_0_l\">\n<div class=\"mgn2_16 _0d3bd_am0a-\">\n<p>\"Kijelentem, hogy a n\u00f6v\u00e9nyi k\u00e1rtev\u0151k elleni v\u00e9dekez\u00e9si int\u00e9zked\u00e9sekr\u0151l, a 228\/2013\/EU, a 652\/2014\/EU \u00e9s az 1143\/2014\/EU eur\u00f3pai parlamenti \u00e9s tan\u00e1csi rendelet m\u00f3dos\u00edt\u00e1s\u00e1r\u00f3l, valamint a 69\/464\/EGK, 74\/647\/EGK, 93\/85\/EGK, 98\/57\/EK, 2000\/29\/EK, 2006\/91\/EK \u00e9s 2007\/33\/EK tan\u00e1csi ir\u00e1nyelvek hat\u00e1lyon k\u00edv\u00fcl helyez\u00e9s\u00e9r\u0151l sz\u00f3l\u00f3, 2016. okt\u00f3ber 26-i (EU) 2016\/2031 eur\u00f3pai parlamenti \u00e9s tan\u00e1csi rendeletnek megfelel\u0151en minden n\u00f6v\u00e9nyt vagy vet\u0151magot \u00fatlev\u00e9l k\u00eds\u00e9r.\".<\/p>\n<\/div>\n<\/div>\n<\/div>\n<\/div>\n<\/div>\n<\/div>","protected":false},"excerpt":{"rendered":"<p>PRZEDSPRZEDA\u017b WIOSNA 2026 &#8211; B\u0119dziemy si\u0119 z Pa\u0144stwem kontaktowa\u0107 przed wysy\u0142k\u0105 ro\u015blin ( termin dostawy\u00a0 mo\u017ce ulec zmianie, w zale\u017cno\u015bci od warunk\u00f3w atmosferycznych) Oferujemy tylko\u00a0wyselekcjonowane\u00a0ro\u015bliny jako\u015bci premium. \ud83c\udf33 D\u0104B CZERWONY (Quercus rubra) \u2013 SADZONKA 30\u201370 cm &nbsp; Oferujemy zdrowe, silne sadzonki d\u0119bu czerwonego o wysoko\u015bci 70\u2013100 cm, idealne do ogrod\u00f3w, park\u00f3w, alei oraz nasadze\u0144 krajobrazowych. [&hellip;]<\/p>\n","protected":false},"featured_media":8873,"template":"","meta":[],"product_brand":[],"product_cat":[305],"product_tag":[],"class_list":{"0":"post-8871","1":"product","2":"type-product","3":"status-publish","4":"has-post-thumbnail","6":"product_cat-rosliny-lisciaste","8":"first","9":"instock","10":"taxable","11":"shipping-taxable","12":"purchasable","13":"product-type-simple"},"_links":{"self":[{"href":"https:\/\/livingfance.com\/hu\/wp-json\/wp\/v2\/product\/8871","targetHints":{"allow":["GET"]}}],"collection":[{"href":"https:\/\/livingfance.com\/hu\/wp-json\/wp\/v2\/product"}],"about":[{"href":"https:\/\/livingfance.com\/hu\/wp-json\/wp\/v2\/types\/product"}],"wp:featuredmedia":[{"embeddable":true,"href":"https:\/\/livingfance.com\/hu\/wp-json\/wp\/v2\/media\/8873"}],"wp:attachment":[{"href":"https:\/\/livingfance.com\/hu\/wp-json\/wp\/v2\/media?parent=8871"}],"wp:term":[{"taxonomy":"product_brand","embeddable":true,"href":"https:\/\/livingfance.com\/hu\/wp-json\/wp\/v2\/product_brand?post=8871"},{"taxonomy":"product_cat","embeddable":true,"href":"https:\/\/livingfance.com\/hu\/wp-json\/wp\/v2\/product_cat?post=8871"},{"taxonomy":"product_tag","embeddable":true,"href":"https:\/\/livingfance.com\/hu\/wp-json\/wp\/v2\/product_tag?post=8871"}],"curies":[{"name":"wp","href":"https:\/\/api.w.org\/{rel}","templated":true}]}}