{"id":8871,"date":"2026-02-10T22:33:34","date_gmt":"2026-02-10T21:33:34","guid":{"rendered":"https:\/\/livingfance.com\/?post_type=product&#038;p=8871"},"modified":"2026-02-19T10:39:30","modified_gmt":"2026-02-19T09:39:30","slug":"dab-czerwony-quercus-rubra-sadzonka-30-70-cm-szkolkowany","status":"publish","type":"product","link":"https:\/\/livingfance.com\/de\/product\/dab-czerwony-quercus-rubra-sadzonka-30-70-cm-szkolkowany\/","title":{"rendered":"D\u0104B CZERWONY (Quercus rubra) \u2013 SADZONKA 30\u201370 cm Szk\u00f3\u0142kowany"},"content":{"rendered":"<div class=\"mpof_ki myre_zn myre_8v_l m389_6m_l\">\n<div class=\"mp4t_16_s mryx_16_s mr3m_1 mli2_1 mh85_56 mh85_0_l\">\n<div class=\"mgn2_16 _0d3bd_am0a-\">\n<div class=\"mpof_ki myre_zn myre_8v_l m389_6m_l\">\n<div class=\"mp4t_16_s mryx_16_s mr3m_1 mli2_1 mh85_56 mh85_0_l\">\n<div class=\"mgn2_16 _0d3bd_am0a-\">\n<p><b>VORVERKAUF FR\u00dcHLING 2026 - Wir werden Sie vor dem Versand der Pflanzen kontaktieren (das Lieferdatum kann sich je nach Wetterbedingungen \u00e4ndern)<\/b><\/p>\n<p><b>Oferujemy tylko\u00a0<\/b><b>wyselekcjonowane<\/b><b>\u00a0ro\u015bliny jako\u015bci premium.<\/b><\/p>\n<h3>\ud83c\udf33 D\u0104B CZERWONY (Quercus rubra) \u2013 SADZONKA 30\u201370 cm<\/h3>\n<p>&nbsp;<\/p>\n<p>Oferujemy zdrowe, silne sadzonki d\u0119bu czerwonego o wysoko\u015bci 70\u2013100 cm, idealne do ogrod\u00f3w, park\u00f3w, alei oraz nasadze\u0144 krajobrazowych.<\/p>\n<p><b>\ud83d\udd34 Szk\u00f3\u0142kowanie sadzonek \u2013\u00a0<\/b>jest to proces kt\u00f3ry stosujemy, ma on na celu wytworzenie u sadzonek skupionego i p\u0142ytkiego systemu korzeniowego, kt\u00f3ry b\u0119dzie bogaty w liczne drobne korzenie, co skutkuje niemal 100%-owym przyj\u0119ciem.<\/p>\n<p><b>Der Hauptvorteil von Baumschuls\u00e4mlingen ist ihre praktisch 100%-Akzeptanz aufgrund eines sehr gut entwickelten Wurzelsystems.<\/b><\/p>\n<p><b>Wenn Sie bei uns kaufen<\/b>\u00a0Pflanzen haben Sie die Gewissheit, dass sie gesch\u00fctzt und mit gro\u00dfer Sorgfalt gegen Feuchtigkeitsverlust verpackt werden, damit sie Sie erreichen<b>intakt.<\/b><\/p>\n<\/div>\n<\/div>\n<\/div>\n<div class=\"mpof_ki myre_zn myre_8v_l m389_6m_l\">\n<div class=\"mp4t_16_s mryx_16_s mr3m_1 mli2_1 mh85_56 mh85_0_l\">\n<div class=\"mgn2_16 _0d3bd_am0a-\">\n<p><b>\ud83c\udf33 D\u0105b Czerwony,<\/b>\u00a0ein bis zu 35 m hoher Baum mit einer sehr dichten Krone. Die Art wurde in Polen eingef\u00fchrt.<\/p>\n<p>Einfach zu z\u00fcchten und stellt viel geringere Anforderungen als andere Eichen. Er mag sonnige Standorte, vertr\u00e4gt aber auch Schatten gut. Die Pflanze vertr\u00e4gt B\u00f6den unterschiedlicher Qualit\u00e4t \u2013 sie kann sogar auf sandigem Boden wachsen. Es ist frostbest\u00e4ndig (bis -40 \u00baC).<\/p>\n<p>Dar\u00fcber hinaus ist Roteiche resistent gegen andere ung\u00fcnstige Faktoren wie Luftverschmutzung und Trockenheit.<\/p>\n<p>Roteiche wird h\u00e4ufig in Parks und st\u00e4dtischen Gr\u00fcnanlagen gepflanzt. Es kann auch in G\u00e4rten mit gr\u00f6\u00dferen Fl\u00e4chen angebaut werden. Besonders gut sieht es in naturalistischen Bepflanzungen aus. Allerdings muss man bedenken, dass der Baum schnell w\u00e4chst und auch ausladend ist \u2013 er s\u00e4t sich selbst.<\/p>\n<p>&nbsp;<\/p>\n<h4>\ud83d\udcac Dlaczego warto wybra\u0107 d\u0105b czerwony?<\/h4>\n<p><b>To jedno z najpi\u0119kniejszych drzew ozdobnych\u00a0<\/b>\u2013 zachwyca szybkim wzrostem, odporno\u015bci\u0105 i spektakularnymi, czerwonymi barwami jesieni\u0105. Idealny wyb\u00f3r dla os\u00f3b, kt\u00f3re chc\u0105 stworzy\u0107 efektown\u0105 i trwa\u0142\u0105 ziele\u0144 na lata.<\/p>\n<p>&nbsp;<\/p>\n<\/div>\n<\/div>\n<div class=\"mp4t_16_s mryx_16_s mr3m_1 mli2_1 mh85_56 mh85_0_l\">\n<div class=\"mg9e_8 mj7a_8 mg9e_0_s mvrt_0_s mj7a_0_s mh36_0_s mzmg_6m munh_16_l m3h2_16_l\">\n<div class=\"mp4t_0 mryx_0 munh_56 m3h2_56\">\n<div class=\"mp7g_oh\"><button class=\"mg9e_0 mvrt_0 mj7a_0 mh36_0 mp4t_0 m3h2_0 mryx_0 munh_0 mqen_m6 mpof_z0 mx7m_0 m7er_k4 mse2_k4 msts_pt\" data-analytics-interaction=\"true\" data-analytics-interaction-label=\"zoomable-image-open\" aria-disabled=\"true\"><img loading=\"lazy\" decoding=\"async\" class=\"msub_k4 mupj_5k mjru_k4 mse2_k4 mp7g_f6 mq1m_0 mj7u_0 m7er_k4 mqen_m6 m31c_d8 m0ux_fp lazyloaded\" src=\"https:\/\/a.allegroimg.com\/original\/11ddea\/f212dfea4e84afed60a1a613eb32\/DAB-CZERWONY-Quercus-rubra-SADZONKA-3070-cm-Szkolkowany\" sizes=\"auto, (min-width: 1200px) 560px, (min-width: 992px) 50vw, 100vw\" srcset=\"https:\/\/a.allegroimg.com\/s360\/11ddea\/f212dfea4e84afed60a1a613eb32\/DAB-CZERWONY-Quercus-rubra-SADZONKA-3070-cm-Szkolkowany 134w,https:\/\/a.allegroimg.com\/s720\/11ddea\/f212dfea4e84afed60a1a613eb32\/DAB-CZERWONY-Quercus-rubra-SADZONKA-3070-cm-Szkolkowany 268w,https:\/\/a.allegroimg.com\/s1024\/11ddea\/f212dfea4e84afed60a1a613eb32\/DAB-CZERWONY-Quercus-rubra-SADZONKA-3070-cm-Szkolkowany 381w,https:\/\/a.allegroimg.com\/s1440\/11ddea\/f212dfea4e84afed60a1a613eb32\/DAB-CZERWONY-Quercus-rubra-SADZONKA-3070-cm-Szkolkowany 536w,https:\/\/a.allegroimg.com\/original\/11ddea\/f212dfea4e84afed60a1a613eb32\/DAB-CZERWONY-Quercus-rubra-SADZONKA-3070-cm-Szkolkowany 569w\" alt=\"D\u0104B CZERWONY (Quercus rubra) \u2013 SADZONKA 30\u201370 cm Szk\u00f3\u0142kowany\" width=\"254\" height=\"682\" data-src=\"https:\/\/a.allegroimg.com\/original\/11ddea\/f212dfea4e84afed60a1a613eb32\/DAB-CZERWONY-Quercus-rubra-SADZONKA-3070-cm-Szkolkowany\" data-srcset=\"https:\/\/a.allegroimg.com\/s360\/11ddea\/f212dfea4e84afed60a1a613eb32\/DAB-CZERWONY-Quercus-rubra-SADZONKA-3070-cm-Szkolkowany 134w,https:\/\/a.allegroimg.com\/s720\/11ddea\/f212dfea4e84afed60a1a613eb32\/DAB-CZERWONY-Quercus-rubra-SADZONKA-3070-cm-Szkolkowany 268w,https:\/\/a.allegroimg.com\/s1024\/11ddea\/f212dfea4e84afed60a1a613eb32\/DAB-CZERWONY-Quercus-rubra-SADZONKA-3070-cm-Szkolkowany 381w,https:\/\/a.allegroimg.com\/s1440\/11ddea\/f212dfea4e84afed60a1a613eb32\/DAB-CZERWONY-Quercus-rubra-SADZONKA-3070-cm-Szkolkowany 536w,https:\/\/a.allegroimg.com\/original\/11ddea\/f212dfea4e84afed60a1a613eb32\/DAB-CZERWONY-Quercus-rubra-SADZONKA-3070-cm-Szkolkowany 569w\" \/><\/button><\/div>\n<\/div>\n<\/div>\n<\/div>\n<\/div>\n<div class=\"mpof_ki myre_zn myre_8v_l m389_6m_l\">\n<div class=\"mp4t_16_s mryx_16_s mr3m_1 mli2_1 mh85_56 mh85_0_l\">\n<div class=\"mg9e_8 mj7a_8 mg9e_0_s mvrt_0_s mj7a_0_s mh36_0_s mzmg_6m munh_16_l m3h2_16_l\">\n<div class=\"mp4t_0 mryx_0 munh_56 m3h2_56\">\n<div class=\"mp7g_oh\"><button class=\"mg9e_0 mvrt_0 mj7a_0 mh36_0 mp4t_0 m3h2_0 mryx_0 munh_0 mqen_m6 mpof_z0 mx7m_0 m7er_k4 mse2_k4 msts_pt\" data-analytics-interaction=\"true\" data-analytics-interaction-label=\"zoomable-image-open\" aria-disabled=\"true\"><img loading=\"lazy\" decoding=\"async\" class=\"msub_k4 mupj_5k mjru_k4 mse2_k4 mp7g_f6 mq1m_0 mj7u_0 m7er_k4 mqen_m6 m31c_d8 m0ux_fp lazyloaded\" src=\"https:\/\/a.allegroimg.com\/original\/119e71\/13d34c1d453bb583994bddc2f508\/DAB-CZERWONY-Quercus-rubra-SADZONKA-3070-cm-Szkolkowany-Producent-nieznany-producent\" sizes=\"auto, (min-width: 1200px) 560px, (min-width: 992px) 50vw, 100vw\" srcset=\"https:\/\/a.allegroimg.com\/s360\/119e71\/13d34c1d453bb583994bddc2f508\/DAB-CZERWONY-Quercus-rubra-SADZONKA-3070-cm-Szkolkowany-Producent-nieznany-producent 360w,https:\/\/a.allegroimg.com\/s720\/119e71\/13d34c1d453bb583994bddc2f508\/DAB-CZERWONY-Quercus-rubra-SADZONKA-3070-cm-Szkolkowany-Producent-nieznany-producent 600w,https:\/\/a.allegroimg.com\/original\/119e71\/13d34c1d453bb583994bddc2f508\/DAB-CZERWONY-Quercus-rubra-SADZONKA-3070-cm-Szkolkowany-Producent-nieznany-producent 600w\" alt=\"D\u0104B CZERWONY (Quercus rubra) \u2013 SADZONKA 30\u201370 cm Szk\u00f3\u0142kowany Producent nieznany producent\" width=\"349\" height=\"349\" data-src=\"https:\/\/a.allegroimg.com\/original\/119e71\/13d34c1d453bb583994bddc2f508\/DAB-CZERWONY-Quercus-rubra-SADZONKA-3070-cm-Szkolkowany-Producent-nieznany-producent\" data-srcset=\"https:\/\/a.allegroimg.com\/s360\/119e71\/13d34c1d453bb583994bddc2f508\/DAB-CZERWONY-Quercus-rubra-SADZONKA-3070-cm-Szkolkowany-Producent-nieznany-producent 360w,https:\/\/a.allegroimg.com\/s720\/119e71\/13d34c1d453bb583994bddc2f508\/DAB-CZERWONY-Quercus-rubra-SADZONKA-3070-cm-Szkolkowany-Producent-nieznany-producent 600w,https:\/\/a.allegroimg.com\/original\/119e71\/13d34c1d453bb583994bddc2f508\/DAB-CZERWONY-Quercus-rubra-SADZONKA-3070-cm-Szkolkowany-Producent-nieznany-producent 600w\" \/><\/button><\/div>\n<\/div>\n<\/div>\n<\/div>\n<div class=\"mp4t_16_s mryx_16_s mr3m_1 mli2_1 mh85_56 mh85_0_l\">\n<div class=\"mgn2_16 _0d3bd_am0a-\">\n<p>&nbsp;<\/p>\n<h4><b>\ud83c\udf3f Wymagania:<\/b><\/h4>\n<p>Standort: Sonne, Halbschatten, Schatten<\/p>\n<p>Bodenreaktion: leicht sauer, neutral<\/p>\n<p>Bodenpr\u00e4ferenzen: jeder Garten, geringer Bodenbedarf, fruchtbar, lehmig, sandiger Lehm, sandig<\/p>\n<p>Blattfarbe: rot<\/p>\n<p>Evergreen: Nein<\/p>\n<p>Wachstumsrate: schnell wachsende Pflanze<\/p>\n<p>Pflanzentyp: Baum<\/p>\n<p>Zielh\u00f6he: bis zu 35 m<\/p>\n<p>Anwendung: naturalistische Bepflanzung, einzeln, gro\u00dfe G\u00e4rten, Parks, Stadtgr\u00fcn<\/p>\n<\/div>\n<\/div>\n<\/div>\n<div class=\"mpof_ki myre_zn myre_8v_l m389_6m_l\">\n<div class=\"mp4t_16_s mryx_16_s mr3m_1 mli2_1 mh85_56 mh85_0_l\">\n<div class=\"mgn2_16 _0d3bd_am0a-\">\n<p>&nbsp;<\/p>\n<h4><b>\u2b50 Dlaczego warto kupi\u0107 u nas? \u2b50<\/b><\/h4>\n<p>\ud83c\udf31 Sprawdzone sadzonki PREMIUM<\/p>\n<p>Oferujemy wy\u0142\u0105cznie zdrowe, starannie wyselekcjonowane ro\u015bliny o silnym systemie korzeniowym.<\/p>\n<p>\ud83d\udce6 Bezpieczne pakowanie<\/p>\n<p>Ka\u017cda sadzonka jest solidnie zabezpieczona na czas transportu, aby dotar\u0142a do Ciebie w idealnym stanie.<\/p>\n<p>\ud83d\ude9a Szybka wysy\u0142ka<\/p>\n<p>Zam\u00f3wienia realizujemy sprawnie i terminowo \u2013 ro\u015bliny nie czekaj\u0105 w magazynie.<\/p>\n<p>\ud83c\udf3f Do\u015bwiadczenie i pasja<\/p>\n<p>Od lat zajmujemy si\u0119 upraw\u0105 ro\u015blin \u2013 wiemy, jak zadba\u0107 o ich jako\u015b\u0107 od pocz\u0105tku do ko\u0144ca.<\/p>\n<p>\ud83d\udcac Pomoc i doradztwo<\/p>\n<p>Ch\u0119tnie podpowiemy w kwestii sadzenia i piel\u0119gnacji \u2013 kupujesz u specjalist\u00f3w.<\/p>\n<p>\u2b50 Wysokie oceny i zadowoleni klienci<\/p>\n<p>Nasz\u0105 jako\u015b\u0107 potwierdzaj\u0105 liczne pozytywne opinie kupuj\u0105cych.<\/p>\n<p>&nbsp;<\/p>\n<h4><b>\ud83c\udf31 Instrukcja sadzenia \u2013 go\u0142y korze\u0144<\/b><\/h4>\n<p>1\ufe0f\u20e3 Termin sadzenia<\/p>\n<p>Najlepszy czas to wczesna wiosna lub jesie\u0144. Ro\u015bliny z go\u0142ym korzeniem nale\u017cy posadzi\u0107 mo\u017cliwie szybko po otrzymaniu.<\/p>\n<p>2\ufe0f\u20e3 Przygotowanie korzeni<\/p>\n<p>Przed sadzeniem zanurz korzenie w wodzie, aby dobrze si\u0119 nawodni\u0142y.<\/p>\n<p>3\ufe0f\u20e3 Wykopanie do\u0142ka<\/p>\n<p>Wykop do\u0142ek 2\u00d7 wi\u0119kszy ni\u017c system korzeniowy. Spulchnij dno i w razie potrzeby dodaj \u017cyznej ziemi.<\/p>\n<p>4\ufe0f\u20e3 Sadzenie<\/p>\n<p>Umie\u015b\u0107 ro\u015blin\u0119 na takiej g\u0142\u0119boko\u015bci, na jakiej ros\u0142a wcze\u015bniej w gruncie. Zasyp ziemi\u0105 i delikatnie ugnie\u0107.<\/p>\n<p>5\ufe0f\u20e3 Podlewanie<\/p>\n<p>Obficie podlewaj po posadzeniu.<\/p>\n<p><b>Nach der Pflanzung sollte die Hecke gro\u00dfz\u00fcgig gegossen werden. Die weitere Bew\u00e4sserung ist jedoch ebenso wichtig und darf nicht untersch\u00e4tzt werden.<\/b><\/p>\n<p>Die Fotos sind illustrativ, die Pflanzen sind nicht identisch und k\u00f6nnen variieren.<\/p>\n<\/div>\n<\/div>\n<\/div>\n<div class=\"mpof_ki myre_zn myre_8v_l m389_6m_l\">\n<div class=\"mp4t_16_s mryx_16_s mr3m_1 mli2_1 mh85_56 mh85_0_l\">\n<div class=\"mgn2_16 _0d3bd_am0a-\">\n<p>&nbsp;<\/p>\n<\/div>\n<\/div>\n<\/div>\n<div class=\"mpof_ki myre_zn myre_8v_l m389_6m_l\">\n<div class=\"mp4t_16_s mryx_16_s mr3m_1 mli2_1 mh85_56 mh85_0_l\">\n<div class=\"mgn2_16 _0d3bd_am0a-\">\n<p>&nbsp;<\/p>\n<\/div>\n<\/div>\n<\/div>\n<div class=\"mpof_ki myre_zn myre_8v_l m389_6m_l\">\n<div class=\"mp4t_16_s mryx_16_s mr3m_1 mli2_1 mh85_56 mh85_0_l\">\n<div class=\"mgn2_16 _0d3bd_am0a-\">\n<p>\u201eIch erkl\u00e4re, dass gem\u00e4\u00df der Verordnung (EU) 2016\/2031 des Europ\u00e4ischen Parlaments und des Rates vom 26. Oktober 2016 \u00fcber Ma\u00dfnahmen zum Schutz vor Pflanzensch\u00e4dlingen und zur \u00c4nderung der Verordnungen (EU) Nr. 228\/2013 des Europ\u00e4ischen Parlaments und des Rates, (EU) Nr. 652\/2014 und (EU) Nr. 1143\/2014 und zur Aufhebung der Richtlinien des Rates 69\/464\/EWG, 74\/647\/EWG, 93\/85\/EWG, 98\/57\/EG, 2000\/ 29\/EG, 2006\/91\/EG und 2007\/33\/EG muss jede Pflanze oder jeder Samen von einem Reisepass begleitet sein.<\/p>\n<\/div>\n<\/div>\n<\/div>\n<\/div>\n<\/div>\n<\/div>","protected":false},"excerpt":{"rendered":"<p>PRZEDSPRZEDA\u017b WIOSNA 2026 &#8211; B\u0119dziemy si\u0119 z Pa\u0144stwem kontaktowa\u0107 przed wysy\u0142k\u0105 ro\u015blin ( termin dostawy\u00a0 mo\u017ce ulec zmianie, w zale\u017cno\u015bci od warunk\u00f3w atmosferycznych) Oferujemy tylko\u00a0wyselekcjonowane\u00a0ro\u015bliny jako\u015bci premium. \ud83c\udf33 D\u0104B CZERWONY (Quercus rubra) \u2013 SADZONKA 30\u201370 cm &nbsp; Oferujemy zdrowe, silne sadzonki d\u0119bu czerwonego o wysoko\u015bci 70\u2013100 cm, idealne do ogrod\u00f3w, park\u00f3w, alei oraz nasadze\u0144 krajobrazowych. [&hellip;]<\/p>\n","protected":false},"featured_media":8873,"template":"","meta":[],"product_brand":[],"product_cat":[305],"product_tag":[],"class_list":{"0":"post-8871","1":"product","2":"type-product","3":"status-publish","4":"has-post-thumbnail","6":"product_cat-rosliny-lisciaste","8":"first","9":"instock","10":"taxable","11":"shipping-taxable","12":"purchasable","13":"product-type-simple"},"_links":{"self":[{"href":"https:\/\/livingfance.com\/de\/wp-json\/wp\/v2\/product\/8871","targetHints":{"allow":["GET"]}}],"collection":[{"href":"https:\/\/livingfance.com\/de\/wp-json\/wp\/v2\/product"}],"about":[{"href":"https:\/\/livingfance.com\/de\/wp-json\/wp\/v2\/types\/product"}],"wp:featuredmedia":[{"embeddable":true,"href":"https:\/\/livingfance.com\/de\/wp-json\/wp\/v2\/media\/8873"}],"wp:attachment":[{"href":"https:\/\/livingfance.com\/de\/wp-json\/wp\/v2\/media?parent=8871"}],"wp:term":[{"taxonomy":"product_brand","embeddable":true,"href":"https:\/\/livingfance.com\/de\/wp-json\/wp\/v2\/product_brand?post=8871"},{"taxonomy":"product_cat","embeddable":true,"href":"https:\/\/livingfance.com\/de\/wp-json\/wp\/v2\/product_cat?post=8871"},{"taxonomy":"product_tag","embeddable":true,"href":"https:\/\/livingfance.com\/de\/wp-json\/wp\/v2\/product_tag?post=8871"}],"curies":[{"name":"wp","href":"https:\/\/api.w.org\/{rel}","templated":true}]}}